{"id":1440,"date":"2020-11-27T09:00:16","date_gmt":"2020-11-27T08:00:16","guid":{"rendered":"http:\/\/cvjm-joellenbeck.de\/wp\/?page_id=1440"},"modified":"2026-02-04T20:11:05","modified_gmt":"2026-02-04T19:11:05","slug":"freizeiten","status":"publish","type":"page","link":"https:\/\/cvjm-joellenbeck.de\/wp\/freizeiten\/","title":{"rendered":"Freizeiten"},"content":{"rendered":"<p><div class=\"fusion-fullwidth fullwidth-box fusion-builder-row-1 nonhundred-percent-fullwidth non-hundred-percent-height-scrolling\" style=\"--awb-background-position:left top;--awb-border-sizes-top:0px;--awb-border-sizes-bottom:0px;--awb-border-sizes-left:0px;--awb-border-sizes-right:0px;--awb-border-color:#f6f6f6;--awb-border-radius-top-left:0px;--awb-border-radius-top-right:0px;--awb-border-radius-bottom-right:0px;--awb-border-radius-bottom-left:0px;--awb-padding-top:65px;--awb-padding-right:0px;--awb-padding-bottom:5px;--awb-padding-left:0px;--awb-flex-wrap:wrap;\" ><div class=\"fusion-builder-row fusion-row\"><div class=\"fusion-layout-column fusion_builder_column fusion-builder-column-0 fusion_builder_column_1_1 1_1 fusion-one-full fusion-column-first fusion-column-last\" style=\"--awb-bg-blend:overlay;--awb-bg-size:cover;\"><div class=\"fusion-column-wrapper fusion-flex-column-wrapper-legacy\"><div class=\"fusion-title title fusion-title-1 fusion-title-text fusion-title-size-one\"><h1 class=\"fusion-title-heading title-heading-left fusion-responsive-typography-calculated\" style=\"margin:0;--fontSize:56;line-height:1.79;\"><h1>Freizeiten<\/h1><\/h1><span class=\"awb-title-spacer\"><\/span><div class=\"title-sep-container\"><div class=\"title-sep sep-single sep-solid\" style=\"border-color:#ff0038;\"><\/div><\/div><\/div><div class=\"fusion-clearfix\"><\/div><\/div><\/div><\/div><\/div><div class=\"fusion-fullwidth fullwidth-box fusion-builder-row-2 fusion-flex-container has-pattern-background has-mask-background nonhundred-percent-fullwidth non-hundred-percent-height-scrolling\" style=\"--awb-border-radius-top-left:0px;--awb-border-radius-top-right:0px;--awb-border-radius-bottom-right:0px;--awb-border-radius-bottom-left:0px;--awb-flex-wrap:wrap;\" ><div class=\"fusion-builder-row fusion-row fusion-flex-align-items-flex-start fusion-flex-content-wrap\" style=\"max-width:1664px;margin-left: calc(-4% \/ 2 );margin-right: calc(-4% \/ 2 );\"><div class=\"fusion-layout-column fusion_builder_column fusion-builder-column-1 fusion_builder_column_1_3 1_3 fusion-flex-column\" style=\"--awb-bg-blend:overlay;--awb-bg-size:cover;--awb-border-color:#ff0000;--awb-border-top:0px;--awb-border-right:0px;--awb-border-bottom:0px;--awb-border-left:0px;--awb-border-style:solid;--awb-width-large:33.333333333333%;--awb-margin-top-large:0px;--awb-spacing-right-large:5.76%;--awb-margin-bottom-large:0px;--awb-spacing-left-large:5.76%;--awb-width-medium:100%;--awb-order-medium:0;--awb-spacing-right-medium:1.92%;--awb-spacing-left-medium:1.92%;--awb-width-small:100%;--awb-order-small:0;--awb-spacing-right-small:1.92%;--awb-spacing-left-small:1.92%;\" data-scroll-devices=\"small-visibility,medium-visibility,large-visibility\"><div class=\"fusion-column-wrapper fusion-column-has-shadow fusion-flex-justify-content-flex-start fusion-content-layout-column\"><div class=\"fusion-image-element \" style=\"--awb-caption-title-font-family:var(--h2_typography-font-family);--awb-caption-title-font-weight:var(--h2_typography-font-weight);--awb-caption-title-font-style:var(--h2_typography-font-style);--awb-caption-title-size:var(--h2_typography-font-size);--awb-caption-title-transform:var(--h2_typography-text-transform);--awb-caption-title-line-height:var(--h2_typography-line-height);--awb-caption-title-letter-spacing:var(--h2_typography-letter-spacing);\"><span class=\" fusion-imageframe imageframe-none imageframe-1 hover-type-none\"><img decoding=\"async\" width=\"885\" height=\"1024\" title=\"2026 MAK Woende\" src=\"https:\/\/cvjm-joellenbeck.de\/wp\/wp-content\/uploads\/2026\/02\/2026-MAK-Woende-e1770232073531-885x1024.jpg\" alt class=\"img-responsive wp-image-9042\" srcset=\"https:\/\/cvjm-joellenbeck.de\/wp\/wp-content\/uploads\/2026\/02\/2026-MAK-Woende-e1770232073531-200x231.jpg 200w, https:\/\/cvjm-joellenbeck.de\/wp\/wp-content\/uploads\/2026\/02\/2026-MAK-Woende-e1770232073531-400x463.jpg 400w, https:\/\/cvjm-joellenbeck.de\/wp\/wp-content\/uploads\/2026\/02\/2026-MAK-Woende-e1770232073531-600x694.jpg 600w, https:\/\/cvjm-joellenbeck.de\/wp\/wp-content\/uploads\/2026\/02\/2026-MAK-Woende-e1770232073531-800x925.jpg 800w, https:\/\/cvjm-joellenbeck.de\/wp\/wp-content\/uploads\/2026\/02\/2026-MAK-Woende-e1770232073531.jpg 1130w\" sizes=\"(max-width: 1024px) 100vw, (max-width: 640px) 100vw, 600px\" \/><\/span><\/div><\/div><\/div><div class=\"fusion-layout-column fusion_builder_column fusion-builder-column-2 fusion_builder_column_2_3 2_3 fusion-flex-column\" style=\"--awb-bg-size:cover;--awb-width-large:66.666666666667%;--awb-margin-top-large:0px;--awb-spacing-right-large:2.88%;--awb-margin-bottom-large:0px;--awb-spacing-left-large:3.84%;--awb-width-medium:100%;--awb-order-medium:0;--awb-spacing-right-medium:1.92%;--awb-spacing-left-medium:1.92%;--awb-width-small:100%;--awb-order-small:0;--awb-spacing-right-small:1.92%;--awb-spacing-left-small:1.92%;\"><div class=\"fusion-column-wrapper fusion-column-has-shadow fusion-flex-justify-content-flex-start fusion-content-layout-column\"><div class=\"fusion-text fusion-text-1\"><h2 style=\"text-align: left;\"><strong>Wochenende f\u00fcr Mitarbeitende<\/strong><strong>\u00a02026<\/strong><\/h2>\n<h3 style=\"text-align: left;\"><strong>30.04. &#8211; 03.05.2026 &#8211;\u00a0 f\u00fcr Mitarbeitende im CVJM J\u00f6llenbeck<\/strong><\/h3>\n<p>Waaas? Es gibt dieses Jahr ein Mitarbeitenden-Wochenende?<\/p>\n<p>Ja wie geil ist das denn&#x1f605;<br \/>\nWer Lust und Zeit hat ein Wochenende mit den verschiedensten Mitarbeitenden aus unserem sch\u00f6nen Verein unterwegs zu sein, der meldet sich bitte bei Babs. Wir werden gemeinsam Spielen, Kochen, Singen und alles unternehmen was zu einem z\u00fcnftigen Mitarbeitendenwochenende geh\u00f6rt&#x1f60e;<\/p>\n<p>Kosten: 100,- Euro inkl. Verpflegung und Programm<br \/>\nMelde dich <strong>bis zum 15. Februar<\/strong> verbindlich an, damit wir besser planen k\u00f6nnen!<\/p>\n<p>Ich freue mich auf euch&#x1f60a;&#x1f44c;&#x1f4a9;<\/p>\n<p style=\"text-align: left;\">Infos gibt es bei Sebastian Pott, CVJM-B\u00fcro 05206\/917946<\/p>\n<p>Mail: s.pott@cvjm-joellenbeck.de<\/p>\n<\/div><\/div><\/div><\/div><\/div><div class=\"fusion-fullwidth fullwidth-box fusion-builder-row-3 fusion-flex-container has-pattern-background has-mask-background nonhundred-percent-fullwidth non-hundred-percent-height-scrolling\" style=\"--awb-border-radius-top-left:0px;--awb-border-radius-top-right:0px;--awb-border-radius-bottom-right:0px;--awb-border-radius-bottom-left:0px;--awb-flex-wrap:wrap;\" ><div class=\"fusion-builder-row fusion-row fusion-flex-align-items-flex-start fusion-flex-content-wrap\" style=\"max-width:1664px;margin-left: calc(-4% \/ 2 );margin-right: calc(-4% \/ 2 );\"><div class=\"fusion-layout-column fusion_builder_column fusion-builder-column-3 fusion_builder_column_1_1 1_1 fusion-flex-column\" style=\"--awb-bg-size:cover;--awb-width-large:100%;--awb-margin-top-large:0px;--awb-spacing-right-large:1.92%;--awb-margin-bottom-large:0px;--awb-spacing-left-large:1.92%;--awb-width-medium:100%;--awb-order-medium:0;--awb-spacing-right-medium:1.92%;--awb-spacing-left-medium:1.92%;--awb-width-small:100%;--awb-order-small:0;--awb-spacing-right-small:1.92%;--awb-spacing-left-small:1.92%;\"><div class=\"fusion-column-wrapper fusion-column-has-shadow fusion-flex-justify-content-flex-start fusion-content-layout-column\"><div class=\"fusion-separator fusion-full-width-sep\" style=\"align-self: center;margin-left: auto;margin-right: auto;width:100%;\"><div class=\"fusion-separator-border sep-single\" style=\"--awb-height:20px;--awb-amount:20px;border-color:#ff0038;border-top-width:2px;\"><\/div><\/div><div class=\"fusion-text fusion-text-2\"><p><span style=\"color: #ffffff;\">.<\/span><\/p>\n<\/div><\/div><\/div><div class=\"fusion-layout-column fusion_builder_column fusion-builder-column-4 fusion_builder_column_1_3 1_3 fusion-flex-column\" style=\"--awb-bg-blend:overlay;--awb-bg-size:cover;--awb-border-color:#ff0000;--awb-border-top:0px;--awb-border-right:0px;--awb-border-bottom:0px;--awb-border-left:0px;--awb-border-style:solid;--awb-width-large:33.333333333333%;--awb-margin-top-large:0px;--awb-spacing-right-large:5.76%;--awb-margin-bottom-large:0px;--awb-spacing-left-large:5.76%;--awb-width-medium:100%;--awb-order-medium:0;--awb-spacing-right-medium:1.92%;--awb-spacing-left-medium:1.92%;--awb-width-small:100%;--awb-order-small:0;--awb-spacing-right-small:1.92%;--awb-spacing-left-small:1.92%;\" data-scroll-devices=\"small-visibility,medium-visibility,large-visibility\"><div class=\"fusion-column-wrapper fusion-column-has-shadow fusion-flex-justify-content-flex-start fusion-content-layout-column\"><div class=\"fusion-image-element \" style=\"--awb-caption-title-font-family:var(--h2_typography-font-family);--awb-caption-title-font-weight:var(--h2_typography-font-weight);--awb-caption-title-font-style:var(--h2_typography-font-style);--awb-caption-title-size:var(--h2_typography-font-size);--awb-caption-title-transform:var(--h2_typography-text-transform);--awb-caption-title-line-height:var(--h2_typography-line-height);--awb-caption-title-letter-spacing:var(--h2_typography-letter-spacing);\"><span class=\" fusion-imageframe imageframe-none imageframe-2 hover-type-none\"><img decoding=\"async\" width=\"1024\" height=\"683\" title=\"lagerfeuer stockbrot\" src=\"https:\/\/cvjm-joellenbeck.de\/wp\/wp-content\/uploads\/2025\/10\/lagerfeuer-stockbrot-1024x683.jpg\" alt class=\"img-responsive wp-image-8891\" srcset=\"https:\/\/cvjm-joellenbeck.de\/wp\/wp-content\/uploads\/2025\/10\/lagerfeuer-stockbrot-200x133.jpg 200w, https:\/\/cvjm-joellenbeck.de\/wp\/wp-content\/uploads\/2025\/10\/lagerfeuer-stockbrot-400x267.jpg 400w, https:\/\/cvjm-joellenbeck.de\/wp\/wp-content\/uploads\/2025\/10\/lagerfeuer-stockbrot-600x400.jpg 600w, https:\/\/cvjm-joellenbeck.de\/wp\/wp-content\/uploads\/2025\/10\/lagerfeuer-stockbrot-800x534.jpg 800w, https:\/\/cvjm-joellenbeck.de\/wp\/wp-content\/uploads\/2025\/10\/lagerfeuer-stockbrot-1200x800.jpg 1200w, https:\/\/cvjm-joellenbeck.de\/wp\/wp-content\/uploads\/2025\/10\/lagerfeuer-stockbrot.jpg 1600w\" sizes=\"(max-width: 1024px) 100vw, (max-width: 640px) 100vw, 600px\" \/><\/span><\/div><\/div><\/div><div class=\"fusion-layout-column fusion_builder_column fusion-builder-column-5 fusion_builder_column_2_3 2_3 fusion-flex-column\" style=\"--awb-bg-size:cover;--awb-width-large:66.666666666667%;--awb-margin-top-large:0px;--awb-spacing-right-large:2.88%;--awb-margin-bottom-large:0px;--awb-spacing-left-large:3.84%;--awb-width-medium:100%;--awb-order-medium:0;--awb-spacing-right-medium:1.92%;--awb-spacing-left-medium:1.92%;--awb-width-small:100%;--awb-order-small:0;--awb-spacing-right-small:1.92%;--awb-spacing-left-small:1.92%;\"><div class=\"fusion-column-wrapper fusion-column-has-shadow fusion-flex-justify-content-flex-start fusion-content-layout-column\"><div class=\"fusion-text fusion-text-3\"><h2 style=\"text-align: left;\"><strong>Sei dabei &#8211; <\/strong>Kinderfreizei<strong>t nach Wermelskirchen 2026<\/strong><\/h2>\n<h3 style=\"text-align: left;\"><strong>22.-29.08.2026 &#8211;\u00a0 ab 8 bis 12 Jahren<\/strong><\/h3>\n<p>N\u00e4here Informationen zu der Kinderfreizeit findest du auf der Homepage des CVJM Kreisverbands!<\/p>\n<p><strong>Hey DU!<\/strong><br \/>\nHast du Lust eine Woche mit Kindern in deinem Alter zu verbringen? Willst spannende Geschichten aus der Bibel entdecken und ein <strong>aufregendes Programm aus Spiel, Sport Kreativangeboten, Musik und viele weitere \u00dcberraschungen<\/strong> erleben?<br \/>\nDas klingt spannend? Dann hol dir die Infos und eine Anmeldem\u00f6glichkeit unter<a href=\"https:\/\/cvjm-kv-bielefeld.de\/kinderfreizeit-2026\"> www.cvjm-kv-bielefeld.de\u00a0 <\/a>(CVJM Kreisverband Bielefeld).<\/p>\n<p style=\"text-align: left;\"><a href=\"mailto:cvjmkinderfreizeit@web.de\">cvjmkinderfreizeit@web.de<\/a><\/p>\n<p style=\"text-align: left;\">Alle Mitarbeiter:innen qualifizieren sich im Vorfeld f\u00fcr die Arbeit mit Kindern und Jugendlichen.<\/p>\n<\/div><\/div><\/div><\/div><\/div><div class=\"fusion-fullwidth fullwidth-box fusion-builder-row-4 fusion-flex-container has-pattern-background has-mask-background nonhundred-percent-fullwidth non-hundred-percent-height-scrolling\" style=\"--awb-border-radius-top-left:0px;--awb-border-radius-top-right:0px;--awb-border-radius-bottom-right:0px;--awb-border-radius-bottom-left:0px;--awb-flex-wrap:wrap;\" ><div class=\"fusion-builder-row fusion-row fusion-flex-align-items-flex-start fusion-flex-content-wrap\" style=\"max-width:1664px;margin-left: calc(-4% \/ 2 );margin-right: calc(-4% \/ 2 );\"><div class=\"fusion-layout-column fusion_builder_column fusion-builder-column-6 fusion_builder_column_1_1 1_1 fusion-flex-column\" style=\"--awb-bg-size:cover;--awb-width-large:100%;--awb-margin-top-large:0px;--awb-spacing-right-large:1.92%;--awb-margin-bottom-large:0px;--awb-spacing-left-large:1.92%;--awb-width-medium:100%;--awb-order-medium:0;--awb-spacing-right-medium:1.92%;--awb-spacing-left-medium:1.92%;--awb-width-small:100%;--awb-order-small:0;--awb-spacing-right-small:1.92%;--awb-spacing-left-small:1.92%;\"><div class=\"fusion-column-wrapper fusion-column-has-shadow fusion-flex-justify-content-flex-start fusion-content-layout-column\"><div class=\"fusion-separator fusion-full-width-sep\" style=\"align-self: center;margin-left: auto;margin-right: auto;width:100%;\"><div class=\"fusion-separator-border sep-single\" style=\"--awb-height:20px;--awb-amount:20px;border-color:#ff0038;border-top-width:2px;\"><\/div><\/div><div class=\"fusion-text fusion-text-4\"><p><span style=\"color: #ffffff;\">.<\/span><\/p>\n<\/div><\/div><\/div><div class=\"fusion-layout-column fusion_builder_column fusion-builder-column-7 fusion_builder_column_1_3 1_3 fusion-flex-column\" style=\"--awb-bg-blend:overlay;--awb-bg-size:cover;--awb-border-color:#ff0000;--awb-border-top:0px;--awb-border-right:0px;--awb-border-bottom:0px;--awb-border-left:0px;--awb-border-style:solid;--awb-width-large:33.333333333333%;--awb-margin-top-large:0px;--awb-spacing-right-large:5.76%;--awb-margin-bottom-large:0px;--awb-spacing-left-large:5.76%;--awb-width-medium:100%;--awb-order-medium:0;--awb-spacing-right-medium:1.92%;--awb-spacing-left-medium:1.92%;--awb-width-small:100%;--awb-order-small:0;--awb-spacing-right-small:1.92%;--awb-spacing-left-small:1.92%;\" data-scroll-devices=\"small-visibility,medium-visibility,large-visibility\"><div class=\"fusion-column-wrapper fusion-column-has-shadow fusion-flex-justify-content-flex-start fusion-content-layout-column\"><div class=\"fusion-image-element \" style=\"--awb-caption-title-font-family:var(--h2_typography-font-family);--awb-caption-title-font-weight:var(--h2_typography-font-weight);--awb-caption-title-font-style:var(--h2_typography-font-style);--awb-caption-title-size:var(--h2_typography-font-size);--awb-caption-title-transform:var(--h2_typography-text-transform);--awb-caption-title-line-height:var(--h2_typography-line-height);--awb-caption-title-letter-spacing:var(--h2_typography-letter-spacing);\"><span class=\" fusion-imageframe imageframe-none imageframe-3 hover-type-none\"><img decoding=\"async\" width=\"1024\" height=\"681\" title=\"norwegen gruppenhaus 2025\" src=\"https:\/\/cvjm-joellenbeck.de\/wp\/wp-content\/uploads\/2025\/10\/norwegen-gruppenhaus-2025-1024x681.jpg\" alt class=\"img-responsive wp-image-8899\" srcset=\"https:\/\/cvjm-joellenbeck.de\/wp\/wp-content\/uploads\/2025\/10\/norwegen-gruppenhaus-2025-200x133.jpg 200w, https:\/\/cvjm-joellenbeck.de\/wp\/wp-content\/uploads\/2025\/10\/norwegen-gruppenhaus-2025-400x266.jpg 400w, https:\/\/cvjm-joellenbeck.de\/wp\/wp-content\/uploads\/2025\/10\/norwegen-gruppenhaus-2025-600x399.jpg 600w, https:\/\/cvjm-joellenbeck.de\/wp\/wp-content\/uploads\/2025\/10\/norwegen-gruppenhaus-2025-800x532.jpg 800w, https:\/\/cvjm-joellenbeck.de\/wp\/wp-content\/uploads\/2025\/10\/norwegen-gruppenhaus-2025-1200x798.jpg 1200w\" sizes=\"(max-width: 1024px) 100vw, (max-width: 640px) 100vw, 600px\" \/><\/span><\/div><\/div><\/div><div class=\"fusion-layout-column fusion_builder_column fusion-builder-column-8 fusion_builder_column_2_3 2_3 fusion-flex-column\" style=\"--awb-bg-size:cover;--awb-width-large:66.666666666667%;--awb-margin-top-large:0px;--awb-spacing-right-large:2.88%;--awb-margin-bottom-large:0px;--awb-spacing-left-large:3.84%;--awb-width-medium:100%;--awb-order-medium:0;--awb-spacing-right-medium:1.92%;--awb-spacing-left-medium:1.92%;--awb-width-small:100%;--awb-order-small:0;--awb-spacing-right-small:1.92%;--awb-spacing-left-small:1.92%;\"><div class=\"fusion-column-wrapper fusion-column-has-shadow fusion-flex-justify-content-flex-start fusion-content-layout-column\"><div class=\"fusion-text fusion-text-5\"><h2 class=\"fusion-responsive-typography-calculated\" style=\"text-align: left; --fontsize: 35; line-height: 1.29;\" data-fontsize=\"35\" data-lineheight=\"45.150002px\">Typische Landschaft, traumhafte Lage! Im Sommer 2026 nach Norwegen<\/h2>\n<h1 style=\"text-align: center;\"><span style=\"color: #d60707;\"><strong>Ausgebucht<\/strong><\/span><\/h1>\n<p><strong>F\u00fcr Teens von 13 &#8211; 15 Jahren<\/strong><\/p>\n<p><strong>14.-28.08.2026<\/strong><\/p>\n<p style=\"text-align: left;\">Dieses Mal geht unsere j\u00e4hrliche Sommerfreizeit in den Norden Europas, genauer gesagt nach Norwegen nach Vest-Agder, in das Dorf Kv\u00e5s.<\/p>\n<p style=\"text-align: left;\">Wir planen mit 40 Teilnehmer:innen im Alter von 13-15 Jahren f\u00fcr 2 Wochen in den Urlaub zu fahren. Wenn du also Lust hast, n\u00e4chstes Jahr mal ohne deine Familie in den Urlaub zu fahren, oder deine Eltern ganz dringend zwei Wochen Urlaub von dir brauchen, dann melde dich gerne an. Wir freuen uns auf dich!<br \/>\n<em>Dein Norwegen-Team 2026<\/em><\/p>\n<p style=\"text-align: left;\">Wo geht&#8217;s hin?<br \/>\nUndeland Misjonsg\u00e5rd liegt ideal f\u00fcr Norwegen-Fans: Die Westk\u00fcste mit ihren vielen Fjorden ist ebenso rasch erreicht wie Berge, Almen und T\u00e4ler im Inland. Eines davon ist das h\u00fcbsche Hochtal, in dem dieses feine norwegische Gruppenhaus direkt am See liegt. Die verschiedenen Geb\u00e4ude des alten Bauernhofs sind vollst\u00e4ndig restauriert, modernisiert oder sogar neu gebaut worden. Zum See hin bietet das Gel\u00e4nde ausreichend Platz f\u00fcr Fu\u00dfball und Volleyball. Ein kleiner Badestrand und 7 Kanus vervollst\u00e4ndigen das Angebot. Es gibt eine Lagerfeuerh\u00fctte und Sitzgelegenheiten f\u00fcr drau\u00dfen. Gutes Angelgew\u00e4sser und ein \u00fcberdachter Grillplatz.<\/p>\n<p style=\"text-align: left;\">Du willst dabei sein? Infos gibt es bei Sebastian Pott, CVJM-B\u00fcro 05206\/917946<\/p>\n<p style=\"text-align: left;\"><b><a href=\"https:\/\/cvjm-joellenbeck.de\/wp\/wp-content\/uploads\/2025\/11\/Ausschreibung-Teens-2026.pdf\" target=\"_blank\" rel=\"noopener noreferrer\">Hier geht es zur Anmeldung.\u00a0 Du kannst dich auf die Warteliste setzen.<\/a><\/b><\/p>\n<p style=\"text-align: left;\">Team: Sebastian Pott und viele mehr!<\/p>\n<\/div><\/div><\/div><\/div><\/div><div class=\"fusion-fullwidth fullwidth-box fusion-builder-row-5 fusion-flex-container has-pattern-background has-mask-background nonhundred-percent-fullwidth non-hundred-percent-height-scrolling\" style=\"--awb-border-radius-top-left:0px;--awb-border-radius-top-right:0px;--awb-border-radius-bottom-right:0px;--awb-border-radius-bottom-left:0px;--awb-flex-wrap:wrap;\" ><div class=\"fusion-builder-row fusion-row fusion-flex-align-items-flex-start fusion-flex-content-wrap\" style=\"max-width:1664px;margin-left: calc(-4% \/ 2 );margin-right: calc(-4% \/ 2 );\"><div class=\"fusion-layout-column fusion_builder_column fusion-builder-column-9 fusion_builder_column_1_1 1_1 fusion-flex-column\" style=\"--awb-bg-size:cover;--awb-width-large:100%;--awb-margin-top-large:0px;--awb-spacing-right-large:1.92%;--awb-margin-bottom-large:0px;--awb-spacing-left-large:1.92%;--awb-width-medium:100%;--awb-order-medium:0;--awb-spacing-right-medium:1.92%;--awb-spacing-left-medium:1.92%;--awb-width-small:100%;--awb-order-small:0;--awb-spacing-right-small:1.92%;--awb-spacing-left-small:1.92%;\"><div class=\"fusion-column-wrapper fusion-column-has-shadow fusion-flex-justify-content-flex-start fusion-content-layout-column\"><div class=\"fusion-separator fusion-full-width-sep\" style=\"align-self: center;margin-left: auto;margin-right: auto;width:100%;\"><div class=\"fusion-separator-border sep-single\" style=\"--awb-height:20px;--awb-amount:20px;border-color:#ff0038;border-top-width:2px;\"><\/div><\/div><div class=\"fusion-text fusion-text-6\"><p><span style=\"color: #ffffff;\">.<\/span><\/p>\n<\/div><\/div><\/div><div class=\"fusion-layout-column fusion_builder_column fusion-builder-column-10 fusion_builder_column_1_3 1_3 fusion-flex-column\" style=\"--awb-bg-blend:overlay;--awb-bg-size:cover;--awb-border-color:#ff0000;--awb-border-top:0px;--awb-border-right:0px;--awb-border-bottom:0px;--awb-border-left:0px;--awb-border-style:solid;--awb-width-large:33.333333333333%;--awb-margin-top-large:0px;--awb-spacing-right-large:5.76%;--awb-margin-bottom-large:0px;--awb-spacing-left-large:5.76%;--awb-width-medium:100%;--awb-order-medium:0;--awb-spacing-right-medium:1.92%;--awb-spacing-left-medium:1.92%;--awb-width-small:100%;--awb-order-small:0;--awb-spacing-right-small:1.92%;--awb-spacing-left-small:1.92%;\" data-scroll-devices=\"small-visibility,medium-visibility,large-visibility\"><div class=\"fusion-column-wrapper fusion-column-has-shadow fusion-flex-justify-content-flex-start fusion-content-layout-column\"><div class=\"fusion-image-element \" style=\"--awb-caption-title-font-family:var(--h2_typography-font-family);--awb-caption-title-font-weight:var(--h2_typography-font-weight);--awb-caption-title-font-style:var(--h2_typography-font-style);--awb-caption-title-size:var(--h2_typography-font-size);--awb-caption-title-transform:var(--h2_typography-text-transform);--awb-caption-title-line-height:var(--h2_typography-line-height);--awb-caption-title-letter-spacing:var(--h2_typography-letter-spacing);\"><span class=\" fusion-imageframe imageframe-none imageframe-4 hover-type-none\"><img decoding=\"async\" width=\"1024\" height=\"681\" title=\"norwegen gruppenhaus 2025\" src=\"https:\/\/cvjm-joellenbeck.de\/wp\/wp-content\/uploads\/2025\/10\/norwegen-gruppenhaus-2025-1024x681.jpg\" alt class=\"img-responsive wp-image-8899\" srcset=\"https:\/\/cvjm-joellenbeck.de\/wp\/wp-content\/uploads\/2025\/10\/norwegen-gruppenhaus-2025-200x133.jpg 200w, https:\/\/cvjm-joellenbeck.de\/wp\/wp-content\/uploads\/2025\/10\/norwegen-gruppenhaus-2025-400x266.jpg 400w, https:\/\/cvjm-joellenbeck.de\/wp\/wp-content\/uploads\/2025\/10\/norwegen-gruppenhaus-2025-600x399.jpg 600w, https:\/\/cvjm-joellenbeck.de\/wp\/wp-content\/uploads\/2025\/10\/norwegen-gruppenhaus-2025-800x532.jpg 800w, https:\/\/cvjm-joellenbeck.de\/wp\/wp-content\/uploads\/2025\/10\/norwegen-gruppenhaus-2025-1200x798.jpg 1200w\" sizes=\"(max-width: 1024px) 100vw, (max-width: 640px) 100vw, 600px\" \/><\/span><\/div><\/div><\/div><div class=\"fusion-layout-column fusion_builder_column fusion-builder-column-11 fusion_builder_column_2_3 2_3 fusion-flex-column\" style=\"--awb-bg-size:cover;--awb-width-large:66.666666666667%;--awb-margin-top-large:0px;--awb-spacing-right-large:2.88%;--awb-margin-bottom-large:0px;--awb-spacing-left-large:3.84%;--awb-width-medium:100%;--awb-order-medium:0;--awb-spacing-right-medium:1.92%;--awb-spacing-left-medium:1.92%;--awb-width-small:100%;--awb-order-small:0;--awb-spacing-right-small:1.92%;--awb-spacing-left-small:1.92%;\"><div class=\"fusion-column-wrapper fusion-column-has-shadow fusion-flex-justify-content-flex-start fusion-content-layout-column\"><div class=\"fusion-text fusion-text-7\"><h2 class=\"fusion-responsive-typography-calculated\" style=\"text-align: left; --fontsize: 35; line-height: 1.29;\" data-fontsize=\"35\" data-lineheight=\"45.150002px\">Typische Landschaft, traumhafte Lage! Im Sommer 2026 nach Norwegen<\/h2>\n<h1 style=\"text-align: center;\"><span style=\"color: #d60707;\"><strong>Ausgebucht<\/strong><\/span><\/h1>\n<p><strong>F\u00fcr Teens von 13 &#8211; 15 Jahren<\/strong><\/p>\n<p><strong>14.-28.08.2026<\/strong><\/p>\n<p style=\"text-align: left;\">Dieses Mal geht unsere j\u00e4hrliche Sommerfreizeit in den Norden Europas, genauer gesagt nach Norwegen nach Vest-Agder, in das Dorf Kv\u00e5s.<\/p>\n<p style=\"text-align: left;\">Wir planen mit 40 Teilnehmer:innen im Alter von 13-15 Jahren f\u00fcr 2 Wochen in den Urlaub zu fahren. Wenn du also Lust hast, n\u00e4chstes Jahr mal ohne deine Familie in den Urlaub zu fahren, oder deine Eltern ganz dringend zwei Wochen Urlaub von dir brauchen, dann melde dich gerne an. Wir freuen uns auf dich!<br \/>\n<em>Dein Norwegen-Team 2026<\/em><\/p>\n<p style=\"text-align: left;\">Wo geht&#8217;s hin?<br \/>\nUndeland Misjonsg\u00e5rd liegt ideal f\u00fcr Norwegen-Fans: Die Westk\u00fcste mit ihren vielen Fjorden ist ebenso rasch erreicht wie Berge, Almen und T\u00e4ler im Inland. Eines davon ist das h\u00fcbsche Hochtal, in dem dieses feine norwegische Gruppenhaus direkt am See liegt. Die verschiedenen Geb\u00e4ude des alten Bauernhofs sind vollst\u00e4ndig restauriert, modernisiert oder sogar neu gebaut worden. Zum See hin bietet das Gel\u00e4nde ausreichend Platz f\u00fcr Fu\u00dfball und Volleyball. Ein kleiner Badestrand und 7 Kanus vervollst\u00e4ndigen das Angebot. Es gibt eine Lagerfeuerh\u00fctte und Sitzgelegenheiten f\u00fcr drau\u00dfen. Gutes Angelgew\u00e4sser und ein \u00fcberdachter Grillplatz.<\/p>\n<p style=\"text-align: left;\">Du willst dabei sein? Infos gibt es bei Sebastian Pott, CVJM-B\u00fcro 05206\/917946<\/p>\n<p style=\"text-align: left;\"><b><a href=\"https:\/\/cvjm-joellenbeck.de\/wp\/wp-content\/uploads\/2025\/11\/Ausschreibung-Teens-2026.pdf\" target=\"_blank\" rel=\"noopener noreferrer\">Hier geht es zur Anmeldung.\u00a0 Du kannst dich auf die Warteliste setzen.<\/a><\/b><\/p>\n<p style=\"text-align: left;\">Team: Sebastian Pott und viele mehr!<\/p>\n<\/div><\/div><\/div><\/div><\/div><div class=\"fusion-fullwidth fullwidth-box fusion-builder-row-6 fusion-flex-container has-pattern-background has-mask-background nonhundred-percent-fullwidth non-hundred-percent-height-scrolling\" style=\"--awb-border-radius-top-left:0px;--awb-border-radius-top-right:0px;--awb-border-radius-bottom-right:0px;--awb-border-radius-bottom-left:0px;--awb-flex-wrap:wrap;\" ><div class=\"fusion-builder-row fusion-row fusion-flex-align-items-flex-start fusion-flex-content-wrap\" style=\"max-width:1664px;margin-left: calc(-4% \/ 2 );margin-right: calc(-4% \/ 2 );\"><div class=\"fusion-layout-column fusion_builder_column fusion-builder-column-12 fusion_builder_column_1_1 1_1 fusion-flex-column\" style=\"--awb-bg-size:cover;--awb-width-large:100%;--awb-margin-top-large:0px;--awb-spacing-right-large:1.92%;--awb-margin-bottom-large:0px;--awb-spacing-left-large:1.92%;--awb-width-medium:100%;--awb-order-medium:0;--awb-spacing-right-medium:1.92%;--awb-spacing-left-medium:1.92%;--awb-width-small:100%;--awb-order-small:0;--awb-spacing-right-small:1.92%;--awb-spacing-left-small:1.92%;\"><div class=\"fusion-column-wrapper fusion-column-has-shadow fusion-flex-justify-content-flex-start fusion-content-layout-column\"><div class=\"fusion-separator fusion-full-width-sep\" style=\"align-self: center;margin-left: auto;margin-right: auto;width:100%;\"><div class=\"fusion-separator-border sep-single\" style=\"--awb-height:20px;--awb-amount:20px;border-color:#ff0038;border-top-width:2px;\"><\/div><\/div><div class=\"fusion-text fusion-text-8\"><p><span style=\"color: #ffffff;\">.<\/span><\/p>\n<\/div><\/div><\/div><div class=\"fusion-layout-column fusion_builder_column fusion-builder-column-13 fusion_builder_column_1_3 1_3 fusion-flex-column\" style=\"--awb-bg-blend:overlay;--awb-bg-size:cover;--awb-border-color:#ff0000;--awb-border-top:0px;--awb-border-right:0px;--awb-border-bottom:0px;--awb-border-left:0px;--awb-border-style:solid;--awb-width-large:33.333333333333%;--awb-margin-top-large:0px;--awb-spacing-right-large:5.76%;--awb-margin-bottom-large:0px;--awb-spacing-left-large:5.76%;--awb-width-medium:100%;--awb-order-medium:0;--awb-spacing-right-medium:1.92%;--awb-spacing-left-medium:1.92%;--awb-width-small:100%;--awb-order-small:0;--awb-spacing-right-small:1.92%;--awb-spacing-left-small:1.92%;\" data-scroll-devices=\"small-visibility,medium-visibility,large-visibility\"><div class=\"fusion-column-wrapper fusion-column-has-shadow fusion-flex-justify-content-flex-start fusion-content-layout-column\"><div class=\"fusion-image-element \" style=\"--awb-caption-title-font-family:var(--h2_typography-font-family);--awb-caption-title-font-weight:var(--h2_typography-font-weight);--awb-caption-title-font-style:var(--h2_typography-font-style);--awb-caption-title-size:var(--h2_typography-font-size);--awb-caption-title-transform:var(--h2_typography-text-transform);--awb-caption-title-line-height:var(--h2_typography-line-height);--awb-caption-title-letter-spacing:var(--h2_typography-letter-spacing);\"><span class=\" fusion-imageframe imageframe-none imageframe-5 hover-type-none\"><img decoding=\"async\" width=\"1024\" height=\"681\" title=\"norewegen blick auf see\" src=\"https:\/\/cvjm-joellenbeck.de\/wp\/wp-content\/uploads\/2025\/10\/norewegen-blick-auf-see-1024x681.jpg\" alt class=\"img-responsive wp-image-8901\" srcset=\"https:\/\/cvjm-joellenbeck.de\/wp\/wp-content\/uploads\/2025\/10\/norewegen-blick-auf-see-200x133.jpg 200w, https:\/\/cvjm-joellenbeck.de\/wp\/wp-content\/uploads\/2025\/10\/norewegen-blick-auf-see-400x266.jpg 400w, https:\/\/cvjm-joellenbeck.de\/wp\/wp-content\/uploads\/2025\/10\/norewegen-blick-auf-see-600x399.jpg 600w, https:\/\/cvjm-joellenbeck.de\/wp\/wp-content\/uploads\/2025\/10\/norewegen-blick-auf-see-800x532.jpg 800w, https:\/\/cvjm-joellenbeck.de\/wp\/wp-content\/uploads\/2025\/10\/norewegen-blick-auf-see-1200x798.jpg 1200w\" sizes=\"(max-width: 1024px) 100vw, (max-width: 640px) 100vw, 600px\" \/><\/span><\/div><\/div><\/div><div class=\"fusion-layout-column fusion_builder_column fusion-builder-column-14 fusion_builder_column_2_3 2_3 fusion-flex-column\" style=\"--awb-bg-size:cover;--awb-width-large:66.666666666667%;--awb-margin-top-large:0px;--awb-spacing-right-large:2.88%;--awb-margin-bottom-large:0px;--awb-spacing-left-large:3.84%;--awb-width-medium:100%;--awb-order-medium:0;--awb-spacing-right-medium:1.92%;--awb-spacing-left-medium:1.92%;--awb-width-small:100%;--awb-order-small:0;--awb-spacing-right-small:1.92%;--awb-spacing-left-small:1.92%;\"><div class=\"fusion-column-wrapper fusion-column-has-shadow fusion-flex-justify-content-flex-start fusion-content-layout-column\"><div class=\"fusion-text fusion-text-9\"><h2 class=\"fusion-responsive-typography-calculated\" style=\"text-align: left; --fontsize: 35; line-height: 1.29;\" data-fontsize=\"35\" data-lineheight=\"45.150002px\">Morgens Sonne, abends See! Norwegen 16+<\/h2>\n<h1 style=\"text-align: center;\"><span style=\"color: #d60707;\"><strong>Ausgebucht<\/strong><\/span><\/h1>\n<p><strong>Jugendliche zwischen 16 &#8211; 17 Jahren<\/strong><\/p>\n<p><strong>14.-28.08.2026<\/strong><\/p>\n<p style=\"text-align: left;\">Undeland Misjonsg\u00e5rd liegt ideal f\u00fcr Norwegen-Fans: Die K\u00fcste mit ihren vielen Fjorden ist ebenso rasch erreicht wie Berge, Almen und T\u00e4ler im Inland. Eines davon ist das h\u00fcbsche Hochtal, in dem dieses feine norwegische Gruppenhaus direkt am See liegt. Die verschiedenen Geb\u00e4ude des alten Bauernhofs sind vollst\u00e4ndig restauriert, modernisiert oder sogar neu gebaut worden. Die Sportfl\u00e4chen terrassieren sich bis hinunter zur hauseigenen Badestelle. Die gesamte Anlage hat einen guten Standard und ein tolles, z.T. uriges Flair.<\/p>\n<p style=\"text-align: left;\">Wir planen mit 15 Teilnehmer:innen im Alter von 16-17 Jahren nach Norwegen in den Urlaub zu fahren. An der norwegischen Westk\u00fcste erwarten euch einige der interessantesten touristischen Highlights des Landes. Kristiansand ist ein Ausflug wert. Lust mitzufahren? Dann melde dich gerne an.<br \/>\n<em>Dein Norwegen-Team 16 + 2026<\/em><\/p>\n<p style=\"text-align: left;\">Du willst dabei sein? Infos gibt es bei Sebastian Pott, CVJM-B\u00fcro 05206\/917946<\/p>\n<p style=\"text-align: left;\"><b><a href=\"https:\/\/cvjm-joellenbeck.de\/wp\/wp-content\/uploads\/2025\/11\/Ausschreibung-16-2026.pdf\" target=\"_blank\" rel=\"noopener noreferrer\">Hier geht es zur Anmeldung. Du kannst dich auf die Warteliste setzen.<\/a><\/b><\/p>\n<p style=\"text-align: left;\">Team: Magnus Stoll und viele mehr!<\/p>\n<\/div><\/div><\/div><\/div><\/div><div class=\"fusion-fullwidth fullwidth-box fusion-builder-row-7 has-pattern-background has-mask-background hundred-percent-fullwidth non-hundred-percent-height-scrolling\" style=\"--awb-border-radius-top-left:0px;--awb-border-radius-top-right:0px;--awb-border-radius-bottom-right:0px;--awb-border-radius-bottom-left:0px;--awb-overflow:visible;--awb-margin-top:15px;--awb-background-color:rgba(255,255,255,0);--awb-flex-wrap:wrap;\" ><div class=\"fusion-builder-row fusion-row\"><div class=\"fusion-layout-column fusion_builder_column fusion-builder-column-15 fusion_builder_column_1_1 1_1 fusion-one-full fusion-column-first fusion-column-last fusion-column-no-min-height\" style=\"--awb-bg-blend:overlay;--awb-bg-size:cover;\"><div class=\"fusion-column-wrapper fusion-flex-column-wrapper-legacy\"><div class=\"fusion-sep-clear\"><\/div><div class=\"fusion-separator fusion-full-width-sep\" style=\"margin-left: auto;margin-right: auto;width:100%;\"><div class=\"fusion-separator-border sep-single sep-solid\" style=\"--awb-height:20px;--awb-amount:20px;border-color:#ff0038;border-top-width:2px;\"><\/div><\/div><div class=\"fusion-sep-clear\"><\/div><div class=\"fusion-clearfix\"><\/div><\/div><\/div><\/div><\/div><div class=\"fusion-fullwidth fullwidth-box fusion-builder-row-8 nonhundred-percent-fullwidth non-hundred-percent-height-scrolling\" style=\"--awb-background-position:left top;--awb-border-sizes-top:0px;--awb-border-sizes-bottom:0px;--awb-border-sizes-left:0px;--awb-border-sizes-right:0px;--awb-border-radius-top-left:0px;--awb-border-radius-top-right:0px;--awb-border-radius-bottom-right:0px;--awb-border-radius-bottom-left:0px;--awb-padding-top:20px;--awb-padding-bottom:20px;--awb-flex-wrap:wrap;\" ><div class=\"fusion-builder-row fusion-row\"><div class=\"fusion-layout-column fusion_builder_column fusion-builder-column-16 fusion_builder_column_1_1 1_1 fusion-one-full fusion-column-first fusion-column-last\" style=\"--awb-bg-blend:overlay;--awb-bg-size:cover;\"><div class=\"fusion-column-wrapper fusion-flex-column-wrapper-legacy\"><div class=\"fusion-text fusion-text-10\"><h3>Letzte Beitr\u00e4ge<\/h3>\n<\/div><div class=\"fusion-recent-posts fusion-recent-posts-1 avada-container layout-thumbnails-on-side layout-columns-4\"><section class=\"fusion-columns columns fusion-columns-4 columns-4\"><article class=\"post fusion-column column col col-lg-3 col-md-3 col-sm-3\"><div class=\"fusion-flexslider fusion-flexslider-loading flexslider floated-slideshow flexslider-hover-type-zoomin\"><ul class=\"slides\"><li><a href=\"https:\/\/cvjm-joellenbeck.de\/wp\/einsegnung-neuer-mitarbeiterinnen\/\" aria-label=\"Einsegnung neuer Mitarbeiter:innen\" class=\"hover-type-zoomin\"><img decoding=\"async\" width=\"177\" height=\"142\" src=\"https:\/\/cvjm-joellenbeck.de\/wp\/wp-content\/uploads\/2026\/03\/2026-03-Einsegnung-mak-e1774523216701-177x142.jpg\" class=\"attachment-portfolio-five size-portfolio-five\" alt=\"\" \/><\/a><\/li><\/ul><\/div><div class=\"recent-posts-content\"><span class=\"vcard\" style=\"display: none;\"><span class=\"fn\"><a href=\"https:\/\/cvjm-joellenbeck.de\/wp\/author\/kerstin-stoll\/\" title=\"Beitr\u00e4ge von Kerstin Stoll\" rel=\"author\">Kerstin Stoll<\/a><\/span><\/span><span class=\"updated\" style=\"display:none;\">2026-03-26T12:12:00+01:00<\/span><h4 class=\"entry-title\"><a href=\"https:\/\/cvjm-joellenbeck.de\/wp\/einsegnung-neuer-mitarbeiterinnen\/\">Einsegnung neuer Mitarbeiter:innen<\/a><\/h4><p class=\"meta\"><span class=\"vcard\" style=\"display: none;\"><span class=\"fn\"><a href=\"https:\/\/cvjm-joellenbeck.de\/wp\/author\/kerstin-stoll\/\" title=\"Beitr\u00e4ge von Kerstin Stoll\" rel=\"author\">Kerstin Stoll<\/a><\/span><\/span><span class=\"updated\" style=\"display:none;\">2026-03-26T12:12:00+01:00<\/span><span>26.03.2026<\/span><span class=\"fusion-inline-sep\">|<\/span><span class=\"fusion-comments\"><a href=\"https:\/\/cvjm-joellenbeck.de\/wp\/einsegnung-neuer-mitarbeiterinnen\/#respond\">0 Comments<\/a><\/span><\/p><p>Am 23.03. fand im Zuge unseres Mitarbeitendenkreises unsere halbj\u00e4hrliche Einsegnung der neuen ehrenamtlichen UND dieses Mal auch hauptamtlichen Mitarbeitenden statt. In unserem gro\u00dfen feierlich geschm\u00fcckten Saal haben wir gemeinsam mit 21 Mitarbeitenden aus Vorstand, Gruppenarbeit<a href=\"https:\/\/cvjm-joellenbeck.de\/wp\/einsegnung-neuer-mitarbeiterinnen\/\"> [...]<\/a><\/p><\/div><\/article><article class=\"post fusion-column column col col-lg-3 col-md-3 col-sm-3\"><div class=\"fusion-flexslider fusion-flexslider-loading flexslider floated-slideshow flexslider-hover-type-zoomin\"><ul class=\"slides\"><li><a href=\"https:\/\/cvjm-joellenbeck.de\/wp\/vorstand-auf-klausur\/\" aria-label=\"Vorstand auf Klausur\" class=\"hover-type-zoomin\"><img decoding=\"async\" width=\"177\" height=\"142\" src=\"https:\/\/cvjm-joellenbeck.de\/wp\/wp-content\/uploads\/2026\/03\/vs-klausur_renate-1-177x142.jpg\" class=\"attachment-portfolio-five size-portfolio-five\" alt=\"\" \/><\/a><\/li><\/ul><\/div><div class=\"recent-posts-content\"><span class=\"vcard\" style=\"display: none;\"><span class=\"fn\"><a href=\"https:\/\/cvjm-joellenbeck.de\/wp\/author\/kerstin-stoll\/\" title=\"Beitr\u00e4ge von Kerstin Stoll\" rel=\"author\">Kerstin Stoll<\/a><\/span><\/span><span class=\"updated\" style=\"display:none;\">2026-03-26T11:55:34+01:00<\/span><h4 class=\"entry-title\"><a href=\"https:\/\/cvjm-joellenbeck.de\/wp\/vorstand-auf-klausur\/\">Vorstand auf Klausur<\/a><\/h4><p class=\"meta\"><span class=\"vcard\" style=\"display: none;\"><span class=\"fn\"><a href=\"https:\/\/cvjm-joellenbeck.de\/wp\/author\/kerstin-stoll\/\" title=\"Beitr\u00e4ge von Kerstin Stoll\" rel=\"author\">Kerstin Stoll<\/a><\/span><\/span><span class=\"updated\" style=\"display:none;\">2026-03-26T11:55:34+01:00<\/span><span>26.03.2026<\/span><span class=\"fusion-inline-sep\">|<\/span><span class=\"fusion-comments\"><a href=\"https:\/\/cvjm-joellenbeck.de\/wp\/vorstand-auf-klausur\/#respond\">0 Comments<\/a><\/span><\/p><p>Es ist l\u00e4ngst Tradition: Nach der j\u00e4hrlichen Mitgliederversammlung trifft sich der neu gew\u00e4hlte Vorstand zu einem Klausurwochenende au\u00dferhalb von J\u00f6llenbeck. Klausur bedeutet R\u00fcckzug \u2013 an einen Ort, der ungest\u00f6rt und abgeschieden ist. Der Begriff stammt<a href=\"https:\/\/cvjm-joellenbeck.de\/wp\/vorstand-auf-klausur\/\"> [...]<\/a><\/p><\/div><\/article><article class=\"post fusion-column column col col-lg-3 col-md-3 col-sm-3\"><div class=\"fusion-flexslider fusion-flexslider-loading flexslider floated-slideshow flexslider-hover-type-zoomin\"><ul class=\"slides\"><li><a href=\"https:\/\/cvjm-joellenbeck.de\/wp\/die-sache-mit-den-dreieckigen-blutkoerperchen\/\" aria-label=\"Die Sache mit den dreieckigen Blutk\u00f6rperchen\" class=\"hover-type-zoomin\"><img decoding=\"async\" width=\"177\" height=\"142\" src=\"https:\/\/cvjm-joellenbeck.de\/wp\/wp-content\/uploads\/2026\/03\/CVJM-Joellenbeck-Jubilare-07.03.2026-177x142.jpeg\" class=\"attachment-portfolio-five size-portfolio-five\" alt=\"\" \/><\/a><\/li><\/ul><\/div><div class=\"recent-posts-content\"><span class=\"vcard\" style=\"display: none;\"><span class=\"fn\"><a href=\"https:\/\/cvjm-joellenbeck.de\/wp\/author\/kerstin-stoll\/\" title=\"Beitr\u00e4ge von Kerstin Stoll\" rel=\"author\">Kerstin Stoll<\/a><\/span><\/span><span class=\"updated\" style=\"display:none;\">2026-03-23T18:32:22+01:00<\/span><h4 class=\"entry-title\"><a href=\"https:\/\/cvjm-joellenbeck.de\/wp\/die-sache-mit-den-dreieckigen-blutkoerperchen\/\">Die Sache mit den dreieckigen Blutk\u00f6rperchen<\/a><\/h4><p class=\"meta\"><span class=\"vcard\" style=\"display: none;\"><span class=\"fn\"><a href=\"https:\/\/cvjm-joellenbeck.de\/wp\/author\/kerstin-stoll\/\" title=\"Beitr\u00e4ge von Kerstin Stoll\" rel=\"author\">Kerstin Stoll<\/a><\/span><\/span><span class=\"updated\" style=\"display:none;\">2026-03-23T18:32:22+01:00<\/span><span>23.03.2026<\/span><span class=\"fusion-inline-sep\">|<\/span><span class=\"fusion-comments\"><a href=\"https:\/\/cvjm-joellenbeck.de\/wp\/die-sache-mit-den-dreieckigen-blutkoerperchen\/#respond\">0 Comments<\/a><\/span><\/p><p>Jahresversammlung des CVJM J\u00f6llenbeck mit Ehrungen und neue Gesichter \u201eGibt es sie wirklich, die dreieckigen Blutk\u00f6rperchen? \u201c Mit dieser Frage fesselte der neue Jugendreferent Jonas L\u00fccking die Teilnehmer der j\u00e4hrlichen Mitgliederversammlung des CVJM J\u00f6llenbeck. Er<a href=\"https:\/\/cvjm-joellenbeck.de\/wp\/die-sache-mit-den-dreieckigen-blutkoerperchen\/\"> [...]<\/a><\/p><\/div><\/article><article class=\"post fusion-column column col col-lg-3 col-md-3 col-sm-3\"><div class=\"fusion-flexslider fusion-flexslider-loading flexslider floated-slideshow flexslider-hover-type-zoomin\"><ul class=\"slides\"><li><a href=\"https:\/\/cvjm-joellenbeck.de\/wp\/willkommen-dorothee\/\" aria-label=\"Willkommen Dorothee!\" class=\"hover-type-zoomin\"><img decoding=\"async\" width=\"177\" height=\"142\" src=\"https:\/\/cvjm-joellenbeck.de\/wp\/wp-content\/uploads\/2026\/03\/Doro-Rosenhaeger-2026-177x142.png\" class=\"attachment-portfolio-five size-portfolio-five\" alt=\"\" \/><\/a><\/li><\/ul><\/div><div class=\"recent-posts-content\"><span class=\"vcard\" style=\"display: none;\"><span class=\"fn\"><a href=\"https:\/\/cvjm-joellenbeck.de\/wp\/author\/kerstin-stoll\/\" title=\"Beitr\u00e4ge von Kerstin Stoll\" rel=\"author\">Kerstin Stoll<\/a><\/span><\/span><span class=\"updated\" style=\"display:none;\">2026-03-08T21:59:51+01:00<\/span><h4 class=\"entry-title\"><a href=\"https:\/\/cvjm-joellenbeck.de\/wp\/willkommen-dorothee\/\">Willkommen Dorothee!<\/a><\/h4><p class=\"meta\"><span class=\"vcard\" style=\"display: none;\"><span class=\"fn\"><a href=\"https:\/\/cvjm-joellenbeck.de\/wp\/author\/kerstin-stoll\/\" title=\"Beitr\u00e4ge von Kerstin Stoll\" rel=\"author\">Kerstin Stoll<\/a><\/span><\/span><span class=\"updated\" style=\"display:none;\">2026-03-08T21:59:51+01:00<\/span><span>08.03.2026<\/span><span class=\"fusion-inline-sep\">|<\/span><span class=\"fusion-comments\"><a href=\"https:\/\/cvjm-joellenbeck.de\/wp\/willkommen-dorothee\/#respond\">0 Comments<\/a><\/span><\/p><p>Die erste Arbeitswoche liegt hinter Dorothee Rosenh\u00e4ger. Eine Woche, die es mit vielen Terminen in sich hatte! Los ging es mit einem Willkommensfr\u00fchst\u00fcck im CVJM Haus. Mitarbeitende aus der Jugendarbeit und Ehrenamtliche aus dem Vorstand<a href=\"https:\/\/cvjm-joellenbeck.de\/wp\/willkommen-dorothee\/\"> [...]<\/a><\/p><\/div><\/article><\/section><\/div><div class=\"fusion-clearfix\"><\/div><\/div><\/div><\/div><\/div><\/p>\n","protected":false},"excerpt":{"rendered":"","protected":false},"author":4,"featured_media":7811,"parent":0,"menu_order":0,"comment_status":"closed","ping_status":"closed","template":"","meta":{"footnotes":""},"class_list":["post-1440","page","type-page","status-publish","has-post-thumbnail","hentry"],"_links":{"self":[{"href":"https:\/\/cvjm-joellenbeck.de\/wp\/wp-json\/wp\/v2\/pages\/1440","targetHints":{"allow":["GET"]}}],"collection":[{"href":"https:\/\/cvjm-joellenbeck.de\/wp\/wp-json\/wp\/v2\/pages"}],"about":[{"href":"https:\/\/cvjm-joellenbeck.de\/wp\/wp-json\/wp\/v2\/types\/page"}],"author":[{"embeddable":true,"href":"https:\/\/cvjm-joellenbeck.de\/wp\/wp-json\/wp\/v2\/users\/4"}],"replies":[{"embeddable":true,"href":"https:\/\/cvjm-joellenbeck.de\/wp\/wp-json\/wp\/v2\/comments?post=1440"}],"version-history":[{"count":5,"href":"https:\/\/cvjm-joellenbeck.de\/wp\/wp-json\/wp\/v2\/pages\/1440\/revisions"}],"predecessor-version":[{"id":9045,"href":"https:\/\/cvjm-joellenbeck.de\/wp\/wp-json\/wp\/v2\/pages\/1440\/revisions\/9045"}],"wp:featuredmedia":[{"embeddable":true,"href":"https:\/\/cvjm-joellenbeck.de\/wp\/wp-json\/wp\/v2\/media\/7811"}],"wp:attachment":[{"href":"https:\/\/cvjm-joellenbeck.de\/wp\/wp-json\/wp\/v2\/media?parent=1440"}],"curies":[{"name":"wp","href":"https:\/\/api.w.org\/{rel}","templated":true}]}}